{"id":2017,"date":"2021-11-24T16:26:11","date_gmt":"2021-11-24T15:26:11","guid":{"rendered":"https:\/\/juliakursawe.de\/?page_id=2017"},"modified":"2026-02-09T11:32:31","modified_gmt":"2026-02-09T10:32:31","slug":"index-php-works-impuls-der-suite-archiv","status":"publish","type":"page","link":"https:\/\/juliakursawe.de\/index.php\/index-php-works-impuls-der-suite-archiv\/","title":{"rendered":"Archiv\/Presse Impuls der Suite"},"content":{"rendered":"\n<p class=\"has-text-align-center has-medium-font-size\"><strong>Archiv &amp; Presse der Reihe Impuls der Suite <\/strong><\/p>\n\n\n\n<p class=\"has-text-align-center\"><strong>2025<\/strong><br><strong><em>SUITE CUBIC<\/em><\/strong><br>Dock 11, <a rel=\"noreferrer noopener\" href=\"https:\/\/soundance-festival.de\/\" target=\"_blank\">soundance Festival Berlin<\/a><br><strong><em>Flos Vanus * Adabana<\/em><\/strong><br>Work-in-progress<br><a href=\"https:\/\/uckermaerkische-musikwochen.de\/\" target=\"_blank\" rel=\"noreferrer noopener\">Uckerm\u00e4rkische Musikwochen<\/a><\/p>\n\n\n\n<p class=\"has-text-align-center\"><strong>2024<\/strong><br><strong><em>Suite Ricercare<\/em><\/strong><br>Kunstraum Potsdam \/ <a rel=\"noreferrer noopener\" href=\"https:\/\/kulturfeste.de\/start-blocks\/aktuelles\/30-jahre-kulturfeste\/30-jahre-kulturfeste-im-land-brandenburg\/\" target=\"_blank\">Jubil\u00e4umsfeier 30 Jahre Kulturfeste im Land Brandenburg<\/a><br><em><strong>SUITE CUBIC<\/strong><\/em><br>Tresor Einbeck \/\u00a0<a rel=\"noreferrer noopener\" href=\"https:\/\/www.tangobruecke.de\/Veranstaltungen.html\" target=\"_blank\">tangobr\u00fccke.de<\/a><\/p>\n\n\n\n<p class=\"has-text-align-center\"><strong>2023<\/strong><br><strong><em>Flow my tears<\/em><\/strong><br><a rel=\"noreferrer noopener\" href=\"https:\/\/vimeo.com\/818240749\" target=\"_blank\">Ein Virtuelle-Realit\u00e4t-Musik-Film<\/a><br><strong><em>Suite Ricercare<\/em><\/strong><br>Premiere Uferstudios Berlin<br><meta charset=\"utf-8\"><a rel=\"noreferrer noopener\" href=\"https:\/\/www.tanzforumberlin.de\/produktion\/suite-ricercare\/\" target=\"_blank\">live video Tanzforum Berlin \/ Parts from 29. 4. 2023 Uferstudios<\/a><br>Version instrumental bei Kunst im Mittelhof, Uckermark<br><strong><em>SUITE CUBIC<\/em><\/strong><br><a rel=\"noreferrer noopener\" href=\"https:\/\/www.speicher-gramzow.de\/veranstaltungen-archiv\/2023-suite-cubic-bach-f%C3%BCr-barockcello-beatbox-und-tanz-3-9-2023-16-18-uhr\/\" target=\"_blank\">Wandel &#8211; Konzert &#8211; Performance<br>im Speicher Gramzow, Uckermark<\/a><\/p>\n\n\n\n<p class=\"has-text-align-center\"><strong>2022<\/strong><br><strong><em>SUITE CUBIC<\/em><\/strong><br><a href=\"https:\/\/www.elisabeth.berlin\/de\/kulturkalender\/suite-cubic-bach-fuer-barockcello-beatbox-und-tanz\" target=\"_blank\" rel=\"noreferrer noopener\">Villa Elisabeth Berlin<\/a><br>Version instrumental beim Netzwerk Junge Ohren<\/p>\n\n\n\n<p class=\"has-text-align-center\"><strong>2021<\/strong><br><strong><em>SUITE CUBIC<\/em><\/strong><br><a href=\"https:\/\/www.konzerthaus.de\/de\/freiraum\" target=\"_blank\" rel=\"noreferrer noopener\">Premiere Konzerthaus Berlin (WOS) Initiative #Freiraum<\/a><br>Kontor Erfurt Festival 20fastforward \/ Th\u00fcringer Bachwochen<br><strong><em>Suite f\u00fcr Cello und Reifrock<\/em><\/strong><br>Festival Alles Pedale! Neuruppin<\/p>\n\n\n\n<p class=\"has-text-align-center\"><strong>2020<\/strong><br><strong><em>SUITE CUBIC<\/em><\/strong><br>online Format in 6 Part &#8211; Insights in the Box &#8211; Uferstudios Berlin<br><strong><em>suite MINIMALE<\/em><\/strong><br>Gutshaus Neu-Cladow Berlin<\/p>\n\n\n\n<p class=\"has-text-align-center\"><strong>2019<\/strong><br><strong><em>suite MINIMALE<\/em><\/strong><br>Premiere Theater im Delphi Berlin<br>work in progress Barockschloss Rammenau<br><strong><em>Suite f\u00fcr Cello und Reifrock<\/em><\/strong><br>Kloster Michaelstein, Landesmusikakademie Sachen-Anhalt<br>Barockschloss Rammenau<\/p>\n\n\n\n<p class=\"has-text-align-center\"><strong>2018<\/strong><br><strong><em>Suite Transkription<\/em><\/strong><br>Premiere Dock 11 Berlin<br>Schlosstheater Rheinsberg<br><strong><em>Suite f\u00fcr Cello und Reifrock<\/em><\/strong><br>Zionskirche Berlin<\/p>\n\n\n\n<p class=\"has-text-align-center\"><strong>2017<\/strong><br><strong><em>Suite Transkription<\/em><\/strong><br>work in progress, ufaFabrik Berlin<br><strong><em>Suite f\u00fcr Cello und Reifrock<\/em><\/strong><br>Nacht der Museen, Lechner Museum, Ingolstadt<br>Deutsche Buchmesse &amp; Teatro Ren\u00e9 Moreno,&nbsp;Santa Cruz de la Sierra, Bolivien<br>Casa de la cultura &amp; Fassiv,&nbsp;San Ignacio de Velasco,&nbsp;Bolivien<br>Instituto Cultural Boliviano-Alem\u00e1n &amp; Teatro Tres de Febrero, Sucre, Bolivien<br>Ephraim-Palais, Berlin<\/p>\n\n\n\n<p class=\"has-text-align-center\"><strong>2016<\/strong><br><em><strong>Suite f\u00fcr Cello und Reifrock<\/strong><\/em><br>Vernissage Schloss.Stadt.Berlin, Nikolaikirche, Stiftung Stadtmuseum Berlin<br>Boitzenburg, Uckerm\u00e4rkische Musikwochen<br>Kant-Gymnasium, Berlin<br>Burgwallschanze, Berlin-Spandau<br>Presseveranstaltung der Kulturfeste des Landes Brandenburg, T-Werk Potsdam<\/p>\n\n\n\n<p class=\"has-text-align-center\"><strong>2015<br><\/strong><em><strong>Suite f\u00fcr Cello und Reifrock<\/strong><\/em><br>Gutshaus Neu-Cladow Berlin, Kolloquium \u201eK\u00fcnstlerinnen schreiben\u201c, FONTE Stiftung<\/p>\n\n\n\n<p class=\"has-nv-dark-bg-color has-text-color has-background has-small-font-size\" style=\"background-color:#f6f3ed\">SUITE CUBIC &#8211; Insights in the Box &#8211; online Format Dezember 2020 <br><em>&#8230;&#8230;. (Es hat) &#8230;..mir eine Riesenfreude mit der besonderen Interpretation der Bach-Cello Suiten gemacht. Sie sind Euch wunderbar gelungen. <br>Wie vielf\u00e4ltig f\u00fcr unge\u00fcbte H\u00f6rer die \u201espr\u00f6den\u201c Suiten sich entfalten! Allemande mit Vogelstimmen, die erste Courante voll Freude und Schwung gespielt und getanzt, dazu akzentuiert der&nbsp;Beat \/ Rhythmus. Das erste Menuet verfremdet t\u00e4nzerisch, mit Witz den h\u00f6fischen Tanz (gespielt). <\/em><br><em>Es war mir ein Vergn\u00fcgen, zu schauen und zu h\u00f6ren. <br>Der klare Raum, alles hat gepasst. <br>Ein weiter Raum, wo T\u00f6ne, Bewegung und Pulse agieren im ruhigen, graublauen Licht. <br>Ich liebe die Suiten sehr. Du hast&nbsp; die langsamen Sarabanden mit melodischer Ruhe gespielt. <br>Es war sch\u00f6n! <\/em><br>&#8211; M. Empt, Wesel, 16.1.2021 &#8211;<\/p>\n\n\n\n<figure class=\"wp-block-gallery columns-4 is-cropped\"><ul class=\"blocks-gallery-grid\"><li class=\"blocks-gallery-item\"><figure><a href=\"https:\/\/juliakursawe.de\/wp-content\/uploads\/2023\/09\/Suite-Cubic-Sept-2023-Judith-Engel-vom-Uckermark-Kurier.jpg\"><img loading=\"lazy\" width=\"1024\" height=\"703\" src=\"https:\/\/juliakursawe.de\/wp-content\/uploads\/2023\/09\/Suite-Cubic-Sept-2023-Judith-Engel-vom-Uckermark-Kurier-1024x703.jpg\" alt=\"\" data-id=\"3273\" data-full-url=\"https:\/\/juliakursawe.de\/wp-content\/uploads\/2023\/09\/Suite-Cubic-Sept-2023-Judith-Engel-vom-Uckermark-Kurier.jpg\" data-link=\"https:\/\/juliakursawe.de\/suite-cubic-sept-2023-judith-engel-vom-uckermark-kurier\/\" class=\"wp-image-3273\" srcset=\"https:\/\/juliakursawe.de\/wp-content\/uploads\/2023\/09\/Suite-Cubic-Sept-2023-Judith-Engel-vom-Uckermark-Kurier-1024x703.jpg 1024w, https:\/\/juliakursawe.de\/wp-content\/uploads\/2023\/09\/Suite-Cubic-Sept-2023-Judith-Engel-vom-Uckermark-Kurier-300x206.jpg 300w, https:\/\/juliakursawe.de\/wp-content\/uploads\/2023\/09\/Suite-Cubic-Sept-2023-Judith-Engel-vom-Uckermark-Kurier-768x527.jpg 768w, https:\/\/juliakursawe.de\/wp-content\/uploads\/2023\/09\/Suite-Cubic-Sept-2023-Judith-Engel-vom-Uckermark-Kurier-500x343.jpg 500w, https:\/\/juliakursawe.de\/wp-content\/uploads\/2023\/09\/Suite-Cubic-Sept-2023-Judith-Engel-vom-Uckermark-Kurier-800x549.jpg 800w, https:\/\/juliakursawe.de\/wp-content\/uploads\/2023\/09\/Suite-Cubic-Sept-2023-Judith-Engel-vom-Uckermark-Kurier.jpg 1090w\" sizes=\"(max-width: 1024px) 100vw, 1024px\" \/><\/a><figcaption class=\"blocks-gallery-item__caption\">SUITE CUBIC 2023 <br>Speicher Gramzow<br>Uckermark Kurier<\/figcaption><\/figure><\/li><li class=\"blocks-gallery-item\"><figure><a href=\"https:\/\/juliakursawe.de\/wp-content\/uploads\/2021\/07\/Bachs-tanzende-Beatbox-im-Kontor-Erfurt-_-Kultur-_-Thu\u0308ringer-Allgemeine-2.jpg\"><img loading=\"lazy\" width=\"724\" height=\"1024\" src=\"https:\/\/juliakursawe.de\/wp-content\/uploads\/2021\/07\/Bachs-tanzende-Beatbox-im-Kontor-Erfurt-_-Kultur-_-Thu\u0308ringer-Allgemeine-2-724x1024.jpg\" alt=\"\" data-id=\"1654\" data-full-url=\"https:\/\/juliakursawe.de\/wp-content\/uploads\/2021\/07\/Bachs-tanzende-Beatbox-im-Kontor-Erfurt-_-Kultur-_-Thu\u0308ringer-Allgemeine-2.jpg\" data-link=\"https:\/\/juliakursawe.de\/index.php\/works\/impuls-der-suite\/suite-cubic\/suite-cubic-archiv\/bachs-tanzende-beatbox-im-kontor-erfurt-_-kultur-_-thu%cc%88ringer-allgemeine-2\/\" class=\"wp-image-1654\" srcset=\"https:\/\/juliakursawe.de\/wp-content\/uploads\/2021\/07\/Bachs-tanzende-Beatbox-im-Kontor-Erfurt-_-Kultur-_-Thu\u0308ringer-Allgemeine-2-724x1024.jpg 724w, https:\/\/juliakursawe.de\/wp-content\/uploads\/2021\/07\/Bachs-tanzende-Beatbox-im-Kontor-Erfurt-_-Kultur-_-Thu\u0308ringer-Allgemeine-2-212x300.jpg 212w, https:\/\/juliakursawe.de\/wp-content\/uploads\/2021\/07\/Bachs-tanzende-Beatbox-im-Kontor-Erfurt-_-Kultur-_-Thu\u0308ringer-Allgemeine-2-768x1087.jpg 768w, https:\/\/juliakursawe.de\/wp-content\/uploads\/2021\/07\/Bachs-tanzende-Beatbox-im-Kontor-Erfurt-_-Kultur-_-Thu\u0308ringer-Allgemeine-2-1086x1536.jpg 1086w, https:\/\/juliakursawe.de\/wp-content\/uploads\/2021\/07\/Bachs-tanzende-Beatbox-im-Kontor-Erfurt-_-Kultur-_-Thu\u0308ringer-Allgemeine-2.jpg 1239w\" sizes=\"(max-width: 724px) 100vw, 724px\" \/><\/a><figcaption class=\"blocks-gallery-item__caption\">SUITE CUBIC 2021 <br>20ff Festival Erfurt <br>Th\u00fcringer Bachwochen<\/figcaption><\/figure><\/li><li class=\"blocks-gallery-item\"><figure><a href=\"https:\/\/juliakursawe.de\/wp-content\/uploads\/2021\/11\/Dieter-Hartwig-Suite-Transkription.png\"><img loading=\"lazy\" width=\"1024\" height=\"1003\" src=\"https:\/\/juliakursawe.de\/wp-content\/uploads\/2021\/11\/Dieter-Hartwig-Suite-Transkription-1024x1003.png\" alt=\"\" data-id=\"2029\" data-full-url=\"https:\/\/juliakursawe.de\/wp-content\/uploads\/2021\/11\/Dieter-Hartwig-Suite-Transkription.png\" data-link=\"https:\/\/juliakursawe.de\/dieter-hartwig-suite-transkription\/\" class=\"wp-image-2029\" srcset=\"https:\/\/juliakursawe.de\/wp-content\/uploads\/2021\/11\/Dieter-Hartwig-Suite-Transkription-1024x1003.png 1024w, https:\/\/juliakursawe.de\/wp-content\/uploads\/2021\/11\/Dieter-Hartwig-Suite-Transkription-300x294.png 300w, https:\/\/juliakursawe.de\/wp-content\/uploads\/2021\/11\/Dieter-Hartwig-Suite-Transkription-768x752.png 768w, https:\/\/juliakursawe.de\/wp-content\/uploads\/2021\/11\/Dieter-Hartwig-Suite-Transkription.png 1338w\" sizes=\"(max-width: 1024px) 100vw, 1024px\" \/><\/a><figcaption class=\"blocks-gallery-item__caption\">Suite Transkription 2018 <br>Dock 11 Berlin<\/figcaption><\/figure><\/li><li class=\"blocks-gallery-item\"><figure><a href=\"https:\/\/juliakursawe.de\/wp-content\/uploads\/2021\/11\/20.-Nacht-der-Museen-11.09.2017-1-geschnitten-Kopie.jpg\"><img loading=\"lazy\" width=\"1024\" height=\"777\" src=\"https:\/\/juliakursawe.de\/wp-content\/uploads\/2021\/11\/20.-Nacht-der-Museen-11.09.2017-1-geschnitten-Kopie-1024x777.jpg\" alt=\"\" data-id=\"2031\" data-full-url=\"https:\/\/juliakursawe.de\/wp-content\/uploads\/2021\/11\/20.-Nacht-der-Museen-11.09.2017-1-geschnitten-Kopie.jpg\" data-link=\"https:\/\/juliakursawe.de\/20-nacht-der-museen-11-09-2017-1-geschnitten-kopie\/\" class=\"wp-image-2031\" srcset=\"https:\/\/juliakursawe.de\/wp-content\/uploads\/2021\/11\/20.-Nacht-der-Museen-11.09.2017-1-geschnitten-Kopie-1024x777.jpg 1024w, https:\/\/juliakursawe.de\/wp-content\/uploads\/2021\/11\/20.-Nacht-der-Museen-11.09.2017-1-geschnitten-Kopie-300x228.jpg 300w, https:\/\/juliakursawe.de\/wp-content\/uploads\/2021\/11\/20.-Nacht-der-Museen-11.09.2017-1-geschnitten-Kopie-768x583.jpg 768w, https:\/\/juliakursawe.de\/wp-content\/uploads\/2021\/11\/20.-Nacht-der-Museen-11.09.2017-1-geschnitten-Kopie.jpg 1305w\" sizes=\"(max-width: 1024px) 100vw, 1024px\" \/><\/a><figcaption class=\"blocks-gallery-item__caption\">Suite f\u00fcr Cello und Reifrock 2017 Lechner Museum Ingolstadt<\/figcaption><\/figure><\/li><\/ul><\/figure>\n\n\n\n<p><\/p>\n","protected":false},"excerpt":{"rendered":"<p>Archiv &amp; Presse der Reihe Impuls der Suite 2025SUITE CUBICDock 11, soundance Festival BerlinFlos Vanus * AdabanaWork-in-progressUckerm\u00e4rkische Musikwochen 2024Suite RicercareKunstraum Potsdam \/ Jubil\u00e4umsfeier 30 Jahre Kulturfeste im Land BrandenburgSUITE CUBICTresor Einbeck \/\u00a0tangobr\u00fccke.de 2023Flow my tearsEin Virtuelle-Realit\u00e4t-Musik-FilmSuite RicercarePremiere Uferstudios Berlinlive video Tanzforum Berlin \/ Parts from 29. 4. 2023 UferstudiosVersion instrumental bei Kunst im Mittelhof, UckermarkSUITE&hellip;&nbsp;<a href=\"https:\/\/juliakursawe.de\/index.php\/index-php-works-impuls-der-suite-archiv\/\" class=\"\" rel=\"bookmark\">Weiterlesen &raquo;<span class=\"screen-reader-text\">Archiv\/Presse Impuls der Suite<\/span><\/a><\/p>\n","protected":false},"author":1,"featured_media":0,"parent":0,"menu_order":0,"comment_status":"closed","ping_status":"closed","template":"","meta":{"neve_meta_sidebar":"full-width","neve_meta_container":"","neve_meta_enable_content_width":"on","neve_meta_content_width":100,"neve_meta_title_alignment":"","neve_meta_author_avatar":"","neve_post_elements_order":"","neve_meta_disable_header":"","neve_meta_disable_footer":"","neve_meta_disable_title":""},"_links":{"self":[{"href":"https:\/\/juliakursawe.de\/index.php\/wp-json\/wp\/v2\/pages\/2017"}],"collection":[{"href":"https:\/\/juliakursawe.de\/index.php\/wp-json\/wp\/v2\/pages"}],"about":[{"href":"https:\/\/juliakursawe.de\/index.php\/wp-json\/wp\/v2\/types\/page"}],"author":[{"embeddable":true,"href":"https:\/\/juliakursawe.de\/index.php\/wp-json\/wp\/v2\/users\/1"}],"replies":[{"embeddable":true,"href":"https:\/\/juliakursawe.de\/index.php\/wp-json\/wp\/v2\/comments?post=2017"}],"version-history":[{"count":36,"href":"https:\/\/juliakursawe.de\/index.php\/wp-json\/wp\/v2\/pages\/2017\/revisions"}],"predecessor-version":[{"id":4761,"href":"https:\/\/juliakursawe.de\/index.php\/wp-json\/wp\/v2\/pages\/2017\/revisions\/4761"}],"wp:attachment":[{"href":"https:\/\/juliakursawe.de\/index.php\/wp-json\/wp\/v2\/media?parent=2017"}],"curies":[{"name":"wp","href":"https:\/\/api.w.org\/{rel}","templated":true}]}}